{"id":7,"date":"2021-04-20T23:09:32","date_gmt":"2021-04-20T21:09:32","guid":{"rendered":"https:\/\/integratedcare.mc3.sk\/?page_id=7"},"modified":"2021-07-19T14:03:42","modified_gmt":"2021-07-19T12:03:42","slug":"platforma","status":"publish","type":"page","link":"https:\/\/integratedcare.mc3.sk\/index.php\/platforma\/","title":{"rendered":"PLATFORMA"},"content":{"rendered":"\t\t<div data-elementor-type=\"wp-page\" data-elementor-id=\"7\" class=\"elementor elementor-7\" data-elementor-post-type=\"page\">\n\t\t\t\t\t\t<section class=\"elementor-section elementor-top-section elementor-element elementor-element-7912cda3 elementor-section-stretched elementor-section-boxed elementor-section-height-default elementor-section-height-default elementor-invisible\" data-id=\"7912cda3\" data-element_type=\"section\" data-e-type=\"section\" data-settings=\"{&quot;stretch_section&quot;:&quot;section-stretched&quot;,&quot;background_background&quot;:&quot;slideshow&quot;,&quot;background_slideshow_gallery&quot;:[{&quot;id&quot;:1711,&quot;url&quot;:&quot;https:\\\/\\\/integratedcare.mc3.sk\\\/wp-content\\\/uploads\\\/2021\\\/05\\\/group-of-medical-doctors-5XCZF7N-web.jpg&quot;},{&quot;id&quot;:2082,&quot;url&quot;:&quot;https:\\\/\\\/integratedcare.mc3.sk\\\/wp-content\\\/uploads\\\/2021\\\/06\\\/doctors-discussing-treatment-with-patient-YWRJ86S-web2.jpg&quot;}],&quot;animation&quot;:&quot;fadeIn&quot;,&quot;background_slideshow_ken_burns&quot;:&quot;yes&quot;,&quot;background_slideshow_loop&quot;:&quot;yes&quot;,&quot;background_slideshow_slide_duration&quot;:5000,&quot;background_slideshow_slide_transition&quot;:&quot;fade&quot;,&quot;background_slideshow_ken_burns_zoom_direction&quot;:&quot;in&quot;}\">\n\t\t\t\t\t\t\t<div class=\"elementor-background-overlay\"><\/div>\n\t\t\t\t\t\t\t<div class=\"elementor-container elementor-column-gap-default\">\n\t\t\t\t\t<div class=\"elementor-column elementor-col-100 elementor-top-column elementor-element elementor-element-70476b3d\" data-id=\"70476b3d\" data-element_type=\"column\" data-e-type=\"column\">\n\t\t\t<div class=\"elementor-widget-wrap elementor-element-populated\">\n\t\t\t\t\t\t<div class=\"elementor-element elementor-element-475b956 elementor-widget elementor-widget-heading\" data-id=\"475b956\" data-element_type=\"widget\" data-e-type=\"widget\" data-widget_type=\"heading.default\">\n\t\t\t\t<div class=\"elementor-widget-container\">\n\t\t\t\t\t<h2 class=\"elementor-heading-title elementor-size-xl\">\u00daVOD K ONLINE PLATFORME<\/h2>\t\t\t\t<\/div>\n\t\t\t\t<\/div>\n\t\t\t\t<div class=\"elementor-element elementor-element-58ce8a3 elementor-widget elementor-widget-heading\" data-id=\"58ce8a3\" data-element_type=\"widget\" data-e-type=\"widget\" data-widget_type=\"heading.default\">\n\t\t\t\t<div class=\"elementor-widget-container\">\n\t\t\t\t\t<h2 class=\"elementor-heading-title elementor-size-large\">Situ\u00e1cia a d\u00f4vody vzniku<\/h2>\t\t\t\t<\/div>\n\t\t\t\t<\/div>\n\t\t\t\t\t<\/div>\n\t\t<\/div>\n\t\t\t\t\t<\/div>\n\t\t<\/section>\n\t\t\t\t<section class=\"elementor-section elementor-top-section elementor-element elementor-element-75594098 elementor-section-boxed elementor-section-height-default elementor-section-height-default\" data-id=\"75594098\" data-element_type=\"section\" data-e-type=\"section\" data-settings=\"{&quot;background_background&quot;:&quot;classic&quot;}\">\n\t\t\t\t\t\t<div class=\"elementor-container elementor-column-gap-default\">\n\t\t\t\t\t<div class=\"elementor-column elementor-col-100 elementor-top-column elementor-element elementor-element-225197ea\" data-id=\"225197ea\" data-element_type=\"column\" data-e-type=\"column\">\n\t\t\t<div class=\"elementor-widget-wrap elementor-element-populated\">\n\t\t\t\t\t\t<div class=\"elementor-element elementor-element-1ec7ae33 elementor-widget elementor-widget-heading\" data-id=\"1ec7ae33\" data-element_type=\"widget\" data-e-type=\"widget\" data-widget_type=\"heading.default\">\n\t\t\t\t<div class=\"elementor-widget-container\">\n\t\t\t\t\t<h2 class=\"elementor-heading-title elementor-size-default\">Situ\u00e1cia na Slovensku<\/h2>\t\t\t\t<\/div>\n\t\t\t\t<\/div>\n\t\t\t\t<div class=\"elementor-element elementor-element-4135bd90 elementor-widget-divider--view-line elementor-widget elementor-widget-divider\" data-id=\"4135bd90\" data-element_type=\"widget\" data-e-type=\"widget\" data-widget_type=\"divider.default\">\n\t\t\t\t<div class=\"elementor-widget-container\">\n\t\t\t\t\t\t\t<div class=\"elementor-divider\">\n\t\t\t<span class=\"elementor-divider-separator\">\n\t\t\t\t\t\t<\/span>\n\t\t<\/div>\n\t\t\t\t\t\t<\/div>\n\t\t\t\t<\/div>\n\t\t\t\t<div class=\"elementor-element elementor-element-1e1ee3e7 elementor-widget elementor-widget-text-editor\" data-id=\"1e1ee3e7\" data-element_type=\"widget\" data-e-type=\"widget\" data-widget_type=\"text-editor.default\">\n\t\t\t\t<div class=\"elementor-widget-container\">\n\t\t\t\t\t\t\t\t\t<p><span style=\"font-weight: 400;\">Slovensko \u010del\u00ed mnoh\u00fdm z\u00e1va\u017en\u00fdm probl\u00e9mom t\u00fdkaj\u00facich sa zdravotnej a soci\u00e1lnej starostlivosti. Znepokojuj\u00face zdravotn\u00e9 indik\u00e1tory ako vysok\u00e1 miera odvr\u00e1tite\u013en\u00fdch \u00famrt\u00ed, o\u010dak\u00e1van\u00e1 d\u013a\u017eka \u017eivota a roky pre\u017eit\u00e9 v zdrav\u00ed v\u00fdrazne ni\u017e\u0161ie ako je priemer E\u00da, nedostatok zdravotn\u00e9ho person\u00e1lu, vysok\u00fd priemern\u00fd vek lek\u00e1rov a nepriazniv\u00e1 vekov\u00e1 skladba sestier, nedostato\u010dn\u00e1 kvalita a kapacita dlhodobej starostlivosti, n\u00edzky podiel v\u00fddavkov na dlhodob\u00fa starostlivos\u0165, a v neposlednom rade absentuj\u00faca podpora a poddimenzovan\u00e9 financovanie dom\u00e1cej starostlivosti. V\u00a0d\u00f4sledku demografick\u00fdch zmien predstavuje integr\u00e1cia zdravotnej a soci\u00e1lnej starostlivosti \u010doraz\u00a0 v\u00e4\u010d\u0161iu spolo\u010densk\u00fa v\u00fdzvu. Starn\u00faca ekonomika si vy\u017eiada reformu dlhodobej starostlivosti vr\u00e1tane jej integrovan\u00e9ho riadenia. Kvalita zdravotnej a soci\u00e1lnej starostlivosti na Slovensku v\u00fdrazne zaost\u00e1va za eur\u00f3pskymi \u0161tandardmi, pokia\u013e ide o\u00a0vedomosti, praktick\u00e9 zru\u010dnosti a\u00a0spolupr\u00e1cu medzi zdravotn\u00edckym sektorom a soci\u00e1lnymi slu\u017ebami, dostupnos\u0165 slu\u017eieb a\u00a0vyu\u017e\u00edvanie asisten\u010dn\u00fdch technol\u00f3gi\u00ed. Podobne ako aj v zdravotnej starostlivosti, tak aj v soci\u00e1lnych slu\u017eb\u00e1ch je vysok\u00e1 miera fragment\u00e1cie poskytovate\u013eov a nedostato\u010dn\u00e9 sie\u0165ovanie medzi jednotliv\u00fdmi soci\u00e1lnymi slu\u017ebami, ale aj medzi soci\u00e1lnymi slu\u017ebami a zdravotnou starostlivos\u0165ou. Vych\u00e1dzaj\u00fac z holistick\u00e9ho bio-psycho-soci\u00e1lneho pr\u00edstupu orientovan\u00e9ho na pacienta je nevyhnutn\u00e9 plne integrova\u0165 zdravotn\u00e9 a soci\u00e1lne slu\u017eby a umo\u017eni\u0165\u00a0 \u010dloveku v nepriaznivej \u017eivotnej situ\u00e1cii \u010do najdlh\u0161ie zotrva\u0165 v dom\u00e1com prostred\u00ed za podpory komplexn\u00fdch a dostato\u010dn\u00fdch soci\u00e1lnych slu\u017eieb a zdravotnej starostlivosti.<\/span><\/p><p><span style=\"font-weight: 400;\">S\u00fa\u010dasne je nevyhnutn\u00e9 cielene rozv\u00edja\u0165 podporu verejn\u00e9ho zdravia obyvate\u013estva a soci\u00e1lnu integr\u00e1ciu v komunit\u00e1ch znev\u00fdhodnen\u00fdch a ohrozen\u00fdch skup\u00edn obyvate\u013estva (ekonomicky a soci\u00e1lne slab\u00e9 rodiny, minority). Zhor\u0161en\u00fd zdravotn\u00fd stav \u010dloveka je \u010dasto jedn\u00fdm z riz\u00edk a d\u00f4vodov pre vznik nepriaznivej soci\u00e1lnej situ\u00e1cie. \u010casto s\u00fa to najm\u00e4 lek\u00e1ri prim\u00e1rnej zdravotnej starostlivosti, ktor\u00ed vedia identifikova\u0165 rizik\u00e1 vzniku nepriaznivej soci\u00e1lnej situ\u00e1cie, ale na druhej strane nemaj\u00fa dostato\u010dn\u00e9 kompetencie a inform\u00e1cie potrebn\u00e9 na jej rie\u0161enie. Lek\u00e1ri prim\u00e1rnej zdravotnej starostlivosti nevedia, kam m\u00f4\u017eu distribuova\u0165 pacientov, ktor\u00fdm hroz\u00ed riziko soci\u00e1lneho vyl\u00fa\u010denia a\u00a0 znev\u00fdhodnenia, nemaj\u00fa dostatok inform\u00e1ci\u00ed o soci\u00e1lnych slu\u017eb\u00e1ch a podporn\u00fdch slu\u017eb\u00e1ch vo svojom regi\u00f3ne.<\/span><\/p>\t\t\t\t\t\t\t\t<\/div>\n\t\t\t\t<\/div>\n\t\t\t\t\t<\/div>\n\t\t<\/div>\n\t\t\t\t\t<\/div>\n\t\t<\/section>\n\t\t\t\t<section class=\"elementor-section elementor-top-section elementor-element elementor-element-75cee1f elementor-section-boxed elementor-section-height-default elementor-section-height-default\" data-id=\"75cee1f\" data-element_type=\"section\" data-e-type=\"section\" data-settings=\"{&quot;background_background&quot;:&quot;classic&quot;}\">\n\t\t\t\t\t\t<div class=\"elementor-container elementor-column-gap-default\">\n\t\t\t\t\t<div class=\"elementor-column elementor-col-100 elementor-top-column elementor-element elementor-element-15e6a26\" data-id=\"15e6a26\" data-element_type=\"column\" data-e-type=\"column\">\n\t\t\t<div class=\"elementor-widget-wrap elementor-element-populated\">\n\t\t\t\t\t\t<div class=\"elementor-element elementor-element-e20064d elementor-widget elementor-widget-heading\" data-id=\"e20064d\" data-element_type=\"widget\" data-e-type=\"widget\" data-widget_type=\"heading.default\">\n\t\t\t\t<div class=\"elementor-widget-container\">\n\t\t\t\t\t<h2 class=\"elementor-heading-title elementor-size-default\">D\u00f4vody vzniku online platformy<\/h2>\t\t\t\t<\/div>\n\t\t\t\t<\/div>\n\t\t\t\t<div class=\"elementor-element elementor-element-12898a8 elementor-widget-divider--view-line elementor-widget elementor-widget-divider\" data-id=\"12898a8\" data-element_type=\"widget\" data-e-type=\"widget\" data-widget_type=\"divider.default\">\n\t\t\t\t<div class=\"elementor-widget-container\">\n\t\t\t\t\t\t\t<div class=\"elementor-divider\">\n\t\t\t<span class=\"elementor-divider-separator\">\n\t\t\t\t\t\t<\/span>\n\t\t<\/div>\n\t\t\t\t\t\t<\/div>\n\t\t\t\t<\/div>\n\t\t\t\t<div class=\"elementor-element elementor-element-3c869f7 elementor-widget elementor-widget-text-editor\" data-id=\"3c869f7\" data-element_type=\"widget\" data-e-type=\"widget\" data-widget_type=\"text-editor.default\">\n\t\t\t\t<div class=\"elementor-widget-container\">\n\t\t\t\t\t\t\t\t\t<p><span style=\"font-weight: 400;\">Amb\u00edciou online platformy Integrovan\u00e1 starostlivos\u0165 na Slovensku je sumariz\u00e1cia existuj\u00facich znalost\u00ed, inform\u00e1ci\u00ed a sk\u00fasenost\u00ed v oblasti integr\u00e1cie soci\u00e1lnej a zdravotnej starostlivosti prostredn\u00edctvom:\u00a0<\/span><\/p><ul><li style=\"font-weight: 400;\" aria-level=\"1\"><span style=\"font-weight: 400;\">\u00a0zv\u00fd\u0161enia porozumenia tomu, ak\u00e1 je \u00farove\u0148 lok\u00e1lnej pripravenosti a ak\u00e9 s\u00fa potreby a priority pri prij\u00edman\u00ed a roz\u0161irovan\u00ed integrovanej starostlivosti<\/span><\/li><li style=\"font-weight: 400;\" aria-level=\"1\"><span style=\"font-weight: 400;\">\u00a0zlep\u0161enia pr\u00edstupu k dostupn\u00fdm poznatkom o integrovanej starostlivosti<\/span><\/li><li style=\"font-weight: 400;\" aria-level=\"1\"><span style=\"font-weight: 400;\">\u00a0tvorby personalizovanej podpory pre t\u00fdch, ktor\u00ed h\u013eadaj\u00fa pomoc pri pr\u00edprave podmienok pre zmenu a\/alebo zlep\u0161enie existuj\u00facich n\u00e1vrhov syst\u00e9mov integrovanej starostlivosti, prostredn\u00edctvom individualizovan\u00e9ho transferu poznatkov\u00a0<\/span><\/li><li style=\"font-weight: 400;\" aria-level=\"1\"><span style=\"font-weight: 400;\">\u00a0vyu\u017e\u00edvania v\u00fdsledkov transferu poznatkov a budovania kapac\u00edt pre spolutvorbu pl\u00e1nov zlep\u0161ovania, ktor\u00e9 s\u00fa prisp\u00f4soben\u00e9 lok\u00e1lnemu kontextu, \u00farovni zrelosti a a\u0161pir\u00e1ci\u00e1m eur\u00f3pskych regi\u00f3nov a organiz\u00e1ci\u00ed<\/span><\/li><\/ul>\t\t\t\t\t\t\t\t<\/div>\n\t\t\t\t<\/div>\n\t\t\t\t<div class=\"elementor-element elementor-element-e6fd4dc elementor-widget elementor-widget-menu-anchor\" data-id=\"e6fd4dc\" data-element_type=\"widget\" data-e-type=\"widget\" data-widget_type=\"menu-anchor.default\">\n\t\t\t\t<div class=\"elementor-widget-container\">\n\t\t\t\t\t\t\t<div class=\"elementor-menu-anchor\" id=\"zaciname\"><\/div>\n\t\t\t\t\t\t<\/div>\n\t\t\t\t<\/div>\n\t\t\t\t\t<\/div>\n\t\t<\/div>\n\t\t\t\t\t<\/div>\n\t\t<\/section>\n\t\t\t\t<\/div>\n\t\t","protected":false},"excerpt":{"rendered":"<p>\u00daVOD K ONLINE PLATFORME Situ\u00e1cia a d\u00f4vody vzniku Situ\u00e1cia na Slovensku Slovensko \u010del\u00ed mnoh\u00fdm z\u00e1va\u017en\u00fdm probl\u00e9mom t\u00fdkaj\u00facich sa zdravotnej a soci\u00e1lnej starostlivosti. Znepokojuj\u00face zdravotn\u00e9 indik\u00e1tory ako vysok\u00e1 miera odvr\u00e1tite\u013en\u00fdch \u00famrt\u00ed, o\u010dak\u00e1van\u00e1 d\u013a\u017eka \u017eivota a roky pre\u017eit\u00e9 v zdrav\u00ed v\u00fdrazne ni\u017e\u0161ie ako je priemer E\u00da, nedostatok zdravotn\u00e9ho person\u00e1lu, vysok\u00fd priemern\u00fd vek lek\u00e1rov a nepriazniv\u00e1 vekov\u00e1 skladba [&hellip;]<\/p>\n","protected":false},"author":1,"featured_media":0,"parent":0,"menu_order":1,"comment_status":"closed","ping_status":"closed","template":"elementor_header_footer","meta":{"footnotes":""},"class_list":["post-7","page","type-page","status-publish","hentry"],"_links":{"self":[{"href":"https:\/\/integratedcare.mc3.sk\/index.php\/wp-json\/wp\/v2\/pages\/7","targetHints":{"allow":["GET"]}}],"collection":[{"href":"https:\/\/integratedcare.mc3.sk\/index.php\/wp-json\/wp\/v2\/pages"}],"about":[{"href":"https:\/\/integratedcare.mc3.sk\/index.php\/wp-json\/wp\/v2\/types\/page"}],"author":[{"embeddable":true,"href":"https:\/\/integratedcare.mc3.sk\/index.php\/wp-json\/wp\/v2\/users\/1"}],"replies":[{"embeddable":true,"href":"https:\/\/integratedcare.mc3.sk\/index.php\/wp-json\/wp\/v2\/comments?post=7"}],"version-history":[{"count":193,"href":"https:\/\/integratedcare.mc3.sk\/index.php\/wp-json\/wp\/v2\/pages\/7\/revisions"}],"predecessor-version":[{"id":2410,"href":"https:\/\/integratedcare.mc3.sk\/index.php\/wp-json\/wp\/v2\/pages\/7\/revisions\/2410"}],"wp:attachment":[{"href":"https:\/\/integratedcare.mc3.sk\/index.php\/wp-json\/wp\/v2\/media?parent=7"}],"curies":[{"name":"wp","href":"https:\/\/api.w.org\/{rel}","templated":true}]}}